{"id":61,"date":"2021-01-21T22:55:46","date_gmt":"2021-01-21T22:55:46","guid":{"rendered":"https:\/\/fundacionmariasilviaandrade.net\/es\/?page_id=61"},"modified":"2023-04-11T19:22:01","modified_gmt":"2023-04-12T00:22:01","slug":"inicio","status":"publish","type":"page","link":"https:\/\/fundacionmariasilviaandrade.net\/es\/inicio\/","title":{"rendered":"Inicio"},"content":{"rendered":"\n<div class=\"wp-block-group\"><div class=\"wp-block-group__inner-container is-layout-flow wp-block-group-is-layout-flow\">\n<div class=\"wp-block-columns is-layout-flex wp-container-core-columns-is-layout-9d6595d7 wp-block-columns-is-layout-flex\">\n<div class=\"wp-block-column is-layout-flow wp-block-column-is-layout-flow\" style=\"flex-basis:100%\"><ul class=\"wp-block-latest-posts__list is-grid columns-2 has-dates wp-block-latest-posts\"><li><div class=\"wp-block-latest-posts__featured-image\"><a href=\"https:\/\/fundacionmariasilviaandrade.net\/es\/leer-transforma\/\" aria-label=\"Leer transforma\"><img loading=\"lazy\" decoding=\"async\" width=\"1024\" height=\"768\" src=\"https:\/\/fundacionmariasilviaandrade.net\/es\/wp-content\/uploads\/2025\/05\/WhatsApp-Image-2025-05-02-at-5.38.14-PM-2-1024x768.jpeg\" class=\"attachment-large size-large wp-post-image\" alt=\"\" style=\"\" srcset=\"https:\/\/fundacionmariasilviaandrade.net\/es\/wp-content\/uploads\/2025\/05\/WhatsApp-Image-2025-05-02-at-5.38.14-PM-2-1024x768.jpeg 1024w, https:\/\/fundacionmariasilviaandrade.net\/es\/wp-content\/uploads\/2025\/05\/WhatsApp-Image-2025-05-02-at-5.38.14-PM-2-300x225.jpeg 300w, https:\/\/fundacionmariasilviaandrade.net\/es\/wp-content\/uploads\/2025\/05\/WhatsApp-Image-2025-05-02-at-5.38.14-PM-2-768x576.jpeg 768w, https:\/\/fundacionmariasilviaandrade.net\/es\/wp-content\/uploads\/2025\/05\/WhatsApp-Image-2025-05-02-at-5.38.14-PM-2-1536x1152.jpeg 1536w, https:\/\/fundacionmariasilviaandrade.net\/es\/wp-content\/uploads\/2025\/05\/WhatsApp-Image-2025-05-02-at-5.38.14-PM-2.jpeg 1600w\" sizes=\"auto, (max-width: 1024px) 100vw, 1024px\" \/><\/a><\/div><a class=\"wp-block-latest-posts__post-title\" href=\"https:\/\/fundacionmariasilviaandrade.net\/es\/leer-transforma\/\">Leer transforma<\/a><time datetime=\"2025-05-02T09:13:26-05:00\" class=\"wp-block-latest-posts__post-date\">2 de mayo de 2025<\/time><div class=\"wp-block-latest-posts__post-excerpt\">Con el \u00e1nimo de promover la lectura en el departamento del Choco, la fundaci\u00f3n Mar\u00eda Silvia Andrade ha venido haciendo entrega de libros a NNA*, y Adultos mayores con el lema \u00abLeer transforma\u00bb. *Ni\u00f1os, ni\u00f1as y adolescentes.<\/div><\/li>\n<li><div class=\"wp-block-latest-posts__featured-image\"><a href=\"https:\/\/fundacionmariasilviaandrade.net\/es\/dia-del-adulto-mayor\/\" aria-label=\"D\u00eda del adulto mayor\"><img loading=\"lazy\" decoding=\"async\" width=\"1024\" height=\"768\" src=\"https:\/\/fundacionmariasilviaandrade.net\/es\/wp-content\/uploads\/2023\/04\/IMG-20230330-WA0203-1024x768.jpg\" class=\"attachment-large size-large wp-post-image\" alt=\"\" style=\"\" srcset=\"https:\/\/fundacionmariasilviaandrade.net\/es\/wp-content\/uploads\/2023\/04\/IMG-20230330-WA0203-1024x768.jpg 1024w, https:\/\/fundacionmariasilviaandrade.net\/es\/wp-content\/uploads\/2023\/04\/IMG-20230330-WA0203-300x225.jpg 300w, https:\/\/fundacionmariasilviaandrade.net\/es\/wp-content\/uploads\/2023\/04\/IMG-20230330-WA0203-768x576.jpg 768w, https:\/\/fundacionmariasilviaandrade.net\/es\/wp-content\/uploads\/2023\/04\/IMG-20230330-WA0203-1536x1152.jpg 1536w, https:\/\/fundacionmariasilviaandrade.net\/es\/wp-content\/uploads\/2023\/04\/IMG-20230330-WA0203.jpg 1600w\" sizes=\"auto, (max-width: 1024px) 100vw, 1024px\" \/><\/a><\/div><a class=\"wp-block-latest-posts__post-title\" href=\"https:\/\/fundacionmariasilviaandrade.net\/es\/dia-del-adulto-mayor\/\">D\u00eda del adulto mayor<\/a><time datetime=\"2023-04-11T19:57:19-05:00\" class=\"wp-block-latest-posts__post-date\">11 de abril de 2023<\/time><div class=\"wp-block-latest-posts__post-excerpt\">En el marco de la estrategia para mantener a nuestros adultos mayores en convivencia, FUMASA, celebr\u00f3 el pasado mes de marzo un d\u00eda extraordinario del adulto mayor. Te invitamos a ver el registro fotogr\u00e1fico.<\/div><\/li>\n<li><div class=\"wp-block-latest-posts__featured-image\"><a href=\"https:\/\/fundacionmariasilviaandrade.net\/es\/un-dia-de-diversion-con-nuestros-adultos-mayores\/\" aria-label=\"Un d\u00eda de diversi\u00f3n con nuestros adultos mayores\"><img loading=\"lazy\" decoding=\"async\" width=\"1024\" height=\"768\" src=\"https:\/\/fundacionmariasilviaandrade.net\/es\/wp-content\/uploads\/2023\/04\/11-1024x768.jpg\" class=\"attachment-large size-large wp-post-image\" alt=\"\" style=\"\" srcset=\"https:\/\/fundacionmariasilviaandrade.net\/es\/wp-content\/uploads\/2023\/04\/11-1024x768.jpg 1024w, https:\/\/fundacionmariasilviaandrade.net\/es\/wp-content\/uploads\/2023\/04\/11-300x225.jpg 300w, https:\/\/fundacionmariasilviaandrade.net\/es\/wp-content\/uploads\/2023\/04\/11-768x576.jpg 768w, https:\/\/fundacionmariasilviaandrade.net\/es\/wp-content\/uploads\/2023\/04\/11.jpg 1280w\" sizes=\"auto, (max-width: 1024px) 100vw, 1024px\" \/><\/a><\/div><a class=\"wp-block-latest-posts__post-title\" href=\"https:\/\/fundacionmariasilviaandrade.net\/es\/un-dia-de-diversion-con-nuestros-adultos-mayores\/\">Un d\u00eda de diversi\u00f3n con nuestros adultos mayores<\/a><time datetime=\"2023-04-02T19:44:06-05:00\" class=\"wp-block-latest-posts__post-date\">2 de abril de 2023<\/time><div class=\"wp-block-latest-posts__post-excerpt\"><\/div><\/li>\n<li><div class=\"wp-block-latest-posts__featured-image\"><a href=\"https:\/\/fundacionmariasilviaandrade.net\/es\/entrega-de-regalos-a-ninos-del-barrio-kennedy-sector-san-jose\/\" aria-label=\"Entrega de regalos a ni\u00f1os del barrio Kennedy, sector\u00a0san\u00a0Jos\u00e9\"><img loading=\"lazy\" decoding=\"async\" width=\"1024\" height=\"768\" src=\"https:\/\/fundacionmariasilviaandrade.net\/es\/wp-content\/uploads\/2023\/03\/5-1024x768.jpg\" class=\"attachment-large size-large wp-post-image\" alt=\"\" style=\"\" srcset=\"https:\/\/fundacionmariasilviaandrade.net\/es\/wp-content\/uploads\/2023\/03\/5-1024x768.jpg 1024w, https:\/\/fundacionmariasilviaandrade.net\/es\/wp-content\/uploads\/2023\/03\/5-300x225.jpg 300w, https:\/\/fundacionmariasilviaandrade.net\/es\/wp-content\/uploads\/2023\/03\/5-768x576.jpg 768w, https:\/\/fundacionmariasilviaandrade.net\/es\/wp-content\/uploads\/2023\/03\/5.jpg 1280w\" sizes=\"auto, (max-width: 1024px) 100vw, 1024px\" \/><\/a><\/div><a class=\"wp-block-latest-posts__post-title\" href=\"https:\/\/fundacionmariasilviaandrade.net\/es\/entrega-de-regalos-a-ninos-del-barrio-kennedy-sector-san-jose\/\">Entrega de regalos a ni\u00f1os del barrio Kennedy, sector\u00a0san\u00a0Jos\u00e9<\/a><time datetime=\"2023-03-30T19:21:09-05:00\" class=\"wp-block-latest-posts__post-date\">30 de marzo de 2023<\/time><div class=\"wp-block-latest-posts__post-excerpt\"><\/div><\/li>\n<li><div class=\"wp-block-latest-posts__featured-image\"><a href=\"https:\/\/fundacionmariasilviaandrade.net\/es\/celebracion-del-dia-del-adulto-mayor\/\" aria-label=\"Celebraci\u00f3n del D\u00eda del Adulto Mayor\"><img loading=\"lazy\" decoding=\"async\" width=\"771\" height=\"1024\" src=\"https:\/\/fundacionmariasilviaandrade.net\/es\/wp-content\/uploads\/2021\/08\/6.jpeg\" class=\"attachment-large size-large wp-post-image\" alt=\"\" style=\"\" srcset=\"https:\/\/fundacionmariasilviaandrade.net\/es\/wp-content\/uploads\/2021\/08\/6.jpeg 771w, https:\/\/fundacionmariasilviaandrade.net\/es\/wp-content\/uploads\/2021\/08\/6-226x300.jpeg 226w, https:\/\/fundacionmariasilviaandrade.net\/es\/wp-content\/uploads\/2021\/08\/6-768x1020.jpeg 768w\" sizes=\"auto, (max-width: 771px) 100vw, 771px\" \/><\/a><\/div><a class=\"wp-block-latest-posts__post-title\" href=\"https:\/\/fundacionmariasilviaandrade.net\/es\/celebracion-del-dia-del-adulto-mayor\/\">Celebraci\u00f3n del D\u00eda del Adulto Mayor<\/a><time datetime=\"2021-08-27T13:49:43-05:00\" class=\"wp-block-latest-posts__post-date\">27 de agosto de 2021<\/time><div class=\"wp-block-latest-posts__post-excerpt\">Hoy, 27 de agosto del 2021, se llev\u00f3 a cabo una de las celebraciones m\u00e1s importantes en el municipio de Condoto y es la del adulto mayor; un ser que recoge toda las experiencias y saberes de la vida, capaces de mirar a los ojos con la misma bondad con la que lo hace un ni\u00f1o. Nuestros mayores, son uno de los m\u00e1s preciados tesoros y lo menos que podemos hacer, es celebrar la vida junto a ellos. \u00a1Feliz d\u00eda del adulto mayor les desea y celebra la fundaci\u00f3n Mar\u00eda Silvia Andrade! Observa nuestra galer\u00eda.<\/div><\/li>\n<li><div class=\"wp-block-latest-posts__featured-image\"><a href=\"https:\/\/fundacionmariasilviaandrade.net\/es\/actividades-manuales\/\" aria-label=\"Actividades manuales\"><img loading=\"lazy\" decoding=\"async\" width=\"766\" height=\"1024\" src=\"https:\/\/fundacionmariasilviaandrade.net\/es\/wp-content\/uploads\/2021\/07\/6.jpeg\" class=\"attachment-large size-large wp-post-image\" alt=\"\" style=\"\" srcset=\"https:\/\/fundacionmariasilviaandrade.net\/es\/wp-content\/uploads\/2021\/07\/6.jpeg 766w, https:\/\/fundacionmariasilviaandrade.net\/es\/wp-content\/uploads\/2021\/07\/6-224x300.jpeg 224w\" sizes=\"auto, (max-width: 766px) 100vw, 766px\" \/><\/a><\/div><a class=\"wp-block-latest-posts__post-title\" href=\"https:\/\/fundacionmariasilviaandrade.net\/es\/actividades-manuales\/\">Actividades manuales<\/a><time datetime=\"2021-07-06T18:43:04-05:00\" class=\"wp-block-latest-posts__post-date\">6 de julio de 2021<\/time><div class=\"wp-block-latest-posts__post-excerpt\">La Fundaci\u00f3n MASA, realiza talleres de manualidades para la manufactura de Sandalias y Traperos. Te invitamos a observar nuestra galer\u00eda.<\/div><\/li>\n<li><div class=\"wp-block-latest-posts__featured-image\"><a href=\"https:\/\/fundacionmariasilviaandrade.net\/es\/nuestro-facebook-fanpage\/\" aria-label=\"Nuestro Facebook Fanpage\"><img loading=\"lazy\" decoding=\"async\" width=\"500\" height=\"500\" src=\"https:\/\/fundacionmariasilviaandrade.net\/es\/wp-content\/uploads\/2021\/06\/facebook.jpg\" class=\"attachment-large size-large wp-post-image\" alt=\"\" style=\"\" srcset=\"https:\/\/fundacionmariasilviaandrade.net\/es\/wp-content\/uploads\/2021\/06\/facebook.jpg 500w, https:\/\/fundacionmariasilviaandrade.net\/es\/wp-content\/uploads\/2021\/06\/facebook-300x300.jpg 300w, https:\/\/fundacionmariasilviaandrade.net\/es\/wp-content\/uploads\/2021\/06\/facebook-150x150.jpg 150w\" sizes=\"auto, (max-width: 500px) 100vw, 500px\" \/><\/a><\/div><a class=\"wp-block-latest-posts__post-title\" href=\"https:\/\/fundacionmariasilviaandrade.net\/es\/nuestro-facebook-fanpage\/\">Nuestro Facebook Fanpage<\/a><time datetime=\"2021-06-25T19:38:04-05:00\" class=\"wp-block-latest-posts__post-date\">25 de junio de 2021<\/time><div class=\"wp-block-latest-posts__post-excerpt\">Fundaci\u00f3n Mar\u00eda Silvia Andrade<\/div><\/li>\n<li><div class=\"wp-block-latest-posts__featured-image\"><a href=\"https:\/\/fundacionmariasilviaandrade.net\/es\/jornada-de-sensibilizacion-proyecto-habitantes-de-calle\/\" aria-label=\"Jornada de sensibilizaci\u00f3n &#8211; Proyecto Habitantes de Calle\"><img loading=\"lazy\" decoding=\"async\" width=\"1024\" height=\"683\" src=\"https:\/\/fundacionmariasilviaandrade.net\/es\/wp-content\/uploads\/2021\/05\/IMG_0911-1-1024x683.jpg\" class=\"attachment-large size-large wp-post-image\" alt=\"\" style=\"\" srcset=\"https:\/\/fundacionmariasilviaandrade.net\/es\/wp-content\/uploads\/2021\/05\/IMG_0911-1-1024x683.jpg 1024w, https:\/\/fundacionmariasilviaandrade.net\/es\/wp-content\/uploads\/2021\/05\/IMG_0911-1-300x200.jpg 300w, https:\/\/fundacionmariasilviaandrade.net\/es\/wp-content\/uploads\/2021\/05\/IMG_0911-1-768x512.jpg 768w, https:\/\/fundacionmariasilviaandrade.net\/es\/wp-content\/uploads\/2021\/05\/IMG_0911-1-1536x1024.jpg 1536w, https:\/\/fundacionmariasilviaandrade.net\/es\/wp-content\/uploads\/2021\/05\/IMG_0911-1-2048x1365.jpg 2048w\" sizes=\"auto, (max-width: 1024px) 100vw, 1024px\" \/><\/a><\/div><a class=\"wp-block-latest-posts__post-title\" href=\"https:\/\/fundacionmariasilviaandrade.net\/es\/jornada-de-sensibilizacion-proyecto-habitantes-de-calle\/\">Jornada de sensibilizaci\u00f3n &#8211; Proyecto Habitantes de Calle<\/a><time datetime=\"2021-05-05T20:46:49-05:00\" class=\"wp-block-latest-posts__post-date\">5 de mayo de 2021<\/time><div class=\"wp-block-latest-posts__post-excerpt\">La Fundaci\u00f3n Mar\u00eda Silvia Andrade, realiza jornada de sensibilizaci\u00f3n y generando conciencia, con los familiares de los habitantes de calle. Revisa nuestra galer\u00eda de im\u00e1genes.<\/div><\/li>\n<\/ul>\n\n\n<hr class=\"wp-block-separator has-css-opacity\"\/>\n<\/div>\n<\/div>\n<\/div><\/div>\n\n\n\n<p><\/p>\n","protected":false},"excerpt":{"rendered":"","protected":false},"author":1,"featured_media":0,"parent":0,"menu_order":0,"comment_status":"closed","ping_status":"closed","template":"","meta":{"footnotes":""},"class_list":["post-61","page","type-page","status-publish"],"_links":{"self":[{"href":"https:\/\/fundacionmariasilviaandrade.net\/es\/wp-json\/wp\/v2\/pages\/61","targetHints":{"allow":["GET"]}}],"collection":[{"href":"https:\/\/fundacionmariasilviaandrade.net\/es\/wp-json\/wp\/v2\/pages"}],"about":[{"href":"https:\/\/fundacionmariasilviaandrade.net\/es\/wp-json\/wp\/v2\/types\/page"}],"author":[{"embeddable":true,"href":"https:\/\/fundacionmariasilviaandrade.net\/es\/wp-json\/wp\/v2\/users\/1"}],"replies":[{"embeddable":true,"href":"https:\/\/fundacionmariasilviaandrade.net\/es\/wp-json\/wp\/v2\/comments?post=61"}],"version-history":[{"count":22,"href":"https:\/\/fundacionmariasilviaandrade.net\/es\/wp-json\/wp\/v2\/pages\/61\/revisions"}],"predecessor-version":[{"id":596,"href":"https:\/\/fundacionmariasilviaandrade.net\/es\/wp-json\/wp\/v2\/pages\/61\/revisions\/596"}],"wp:attachment":[{"href":"https:\/\/fundacionmariasilviaandrade.net\/es\/wp-json\/wp\/v2\/media?parent=61"}],"curies":[{"name":"wp","href":"https:\/\/api.w.org\/{rel}","templated":true}]}}